{"version":"1.0","provider_name":"Radio Leinewelle","provider_url":"https:\/\/radioleinewelle.de","author_name":"Leinewelle","author_url":"https:\/\/radioleinewelle.de\/index.php\/author\/leinewelle\/","title":"G\u00f6ttingen nimmt Gefl\u00fcchtete aus Moria auf - Radio Leinewelle","type":"rich","width":600,"height":338,"html":"<blockquote class=\"wp-embedded-content\" data-secret=\"wqQ5DIWzOZ\"><a href=\"https:\/\/radioleinewelle.de\/index.php\/2020\/10\/28\/goettingen-nimmt-gefluechtete-aus-moria-auf\/\">G\u00f6ttingen nimmt Gefl\u00fcchtete aus Moria auf<\/a><\/blockquote><iframe sandbox=\"allow-scripts\" security=\"restricted\" src=\"https:\/\/radioleinewelle.de\/index.php\/2020\/10\/28\/goettingen-nimmt-gefluechtete-aus-moria-auf\/embed\/#?secret=wqQ5DIWzOZ\" width=\"600\" height=\"338\" title=\"&#8222;G\u00f6ttingen nimmt Gefl\u00fcchtete aus Moria auf&#8220; &#8211; Radio Leinewelle\" data-secret=\"wqQ5DIWzOZ\" frameborder=\"0\" marginwidth=\"0\" marginheight=\"0\" scrolling=\"no\" class=\"wp-embedded-content\"><\/iframe><script type=\"text\/javascript\">\n\/* <![CDATA[ *\/\n\/*! This file is auto-generated *\/\n!function(d,l){\"use strict\";l.querySelector&&d.addEventListener&&\"undefined\"!=typeof URL&&(d.wp=d.wp||{},d.wp.receiveEmbedMessage||(d.wp.receiveEmbedMessage=function(e){var t=e.data;if((t||t.secret||t.message||t.value)&&!\/[^a-zA-Z0-9]\/.test(t.secret)){for(var s,r,n,a=l.querySelectorAll('iframe[data-secret=\"'+t.secret+'\"]'),o=l.querySelectorAll('blockquote[data-secret=\"'+t.secret+'\"]'),c=new RegExp(\"^https?:$\",\"i\"),i=0;i<o.length;i++)o[i].style.display=\"none\";for(i=0;i<a.length;i++)s=a[i],e.source===s.contentWindow&&(s.removeAttribute(\"style\"),\"height\"===t.message?(1e3<(r=parseInt(t.value,10))?r=1e3:~~r<200&&(r=200),s.height=r):\"link\"===t.message&&(r=new URL(s.getAttribute(\"src\")),n=new URL(t.value),c.test(n.protocol))&&n.host===r.host&&l.activeElement===s&&(d.top.location.href=t.value))}},d.addEventListener(\"message\",d.wp.receiveEmbedMessage,!1),l.addEventListener(\"DOMContentLoaded\",function(){for(var e,t,s=l.querySelectorAll(\"iframe.wp-embedded-content\"),r=0;r<s.length;r++)(t=(e=s[r]).getAttribute(\"data-secret\"))||(t=Math.random().toString(36).substring(2,12),e.src+=\"#?secret=\"+t,e.setAttribute(\"data-secret\",t)),e.contentWindow.postMessage({message:\"ready\",secret:t},\"*\")},!1)))}(window,document);\n\/\/# sourceURL=https:\/\/radioleinewelle.de\/wp-includes\/js\/wp-embed.min.js\n\/* ]]> *\/\n<\/script>\n","thumbnail_url":"https:\/\/radioleinewelle.de\/wp-content\/uploads\/2020\/10\/tents-5485845_640.jpg","thumbnail_width":640,"thumbnail_height":428,"description":"G\u00f6ttingen will mindestens 30 Gefl\u00fcchtete aus dem zerst\u00f6rten griechischen Fl\u00fcchtlingslager Moria aufnehmen. Das hat G\u00f6ttingens Oberb\u00fcrgermeister Rolf-Georg K\u00f6hler in einer Videokonferenz mit Bundeskanzlerin Angela Merkel bekr\u00e4ftigt. An der Videokonferenz haben weitere siebzehn aufnahmebereite Kommunen aus ganz Deutschland teilgenommen. \u201eUns alle eint, dass wir damit ein Zeichen der Menschlichkeit setzen. Wir wollen Verantwortung \u00fcbernehmen und aus [&hellip;]"}