{"version":"1.0","provider_name":"Radio Leinewelle","provider_url":"https:\/\/radioleinewelle.de","author_name":"Leinewelle","author_url":"https:\/\/radioleinewelle.de\/index.php\/author\/leinewelle\/","title":"Neue Akademie und neuer Preis f\u00fcr Popmusik - Radio Leinewelle","type":"rich","width":600,"height":338,"html":"<blockquote class=\"wp-embedded-content\" data-secret=\"dmG6KsL5s5\"><a href=\"https:\/\/radioleinewelle.de\/index.php\/2021\/07\/28\/neue-akademie-und-neuer-preis-fuer-popmusik\/\">Neue Akademie und neuer Preis f\u00fcr Popmusik<\/a><\/blockquote><iframe sandbox=\"allow-scripts\" security=\"restricted\" src=\"https:\/\/radioleinewelle.de\/index.php\/2021\/07\/28\/neue-akademie-und-neuer-preis-fuer-popmusik\/embed\/#?secret=dmG6KsL5s5\" width=\"600\" height=\"338\" title=\"&#8222;Neue Akademie und neuer Preis f\u00fcr Popmusik&#8220; &#8211; Radio Leinewelle\" data-secret=\"dmG6KsL5s5\" frameborder=\"0\" marginwidth=\"0\" marginheight=\"0\" scrolling=\"no\" class=\"wp-embedded-content\"><\/iframe><script type=\"text\/javascript\">\n\/* <![CDATA[ *\/\n\/*! This file is auto-generated *\/\n!function(d,l){\"use strict\";l.querySelector&&d.addEventListener&&\"undefined\"!=typeof URL&&(d.wp=d.wp||{},d.wp.receiveEmbedMessage||(d.wp.receiveEmbedMessage=function(e){var t=e.data;if((t||t.secret||t.message||t.value)&&!\/[^a-zA-Z0-9]\/.test(t.secret)){for(var s,r,n,a=l.querySelectorAll('iframe[data-secret=\"'+t.secret+'\"]'),o=l.querySelectorAll('blockquote[data-secret=\"'+t.secret+'\"]'),c=new RegExp(\"^https?:$\",\"i\"),i=0;i<o.length;i++)o[i].style.display=\"none\";for(i=0;i<a.length;i++)s=a[i],e.source===s.contentWindow&&(s.removeAttribute(\"style\"),\"height\"===t.message?(1e3<(r=parseInt(t.value,10))?r=1e3:~~r<200&&(r=200),s.height=r):\"link\"===t.message&&(r=new URL(s.getAttribute(\"src\")),n=new URL(t.value),c.test(n.protocol))&&n.host===r.host&&l.activeElement===s&&(d.top.location.href=t.value))}},d.addEventListener(\"message\",d.wp.receiveEmbedMessage,!1),l.addEventListener(\"DOMContentLoaded\",function(){for(var e,t,s=l.querySelectorAll(\"iframe.wp-embedded-content\"),r=0;r<s.length;r++)(t=(e=s[r]).getAttribute(\"data-secret\"))||(t=Math.random().toString(36).substring(2,12),e.src+=\"#?secret=\"+t,e.setAttribute(\"data-secret\",t)),e.contentWindow.postMessage({message:\"ready\",secret:t},\"*\")},!1)))}(window,document);\n\/\/# sourceURL=https:\/\/radioleinewelle.de\/wp-includes\/js\/wp-embed.min.js\n\/* ]]> *\/\n<\/script>\n","thumbnail_url":"https:\/\/radioleinewelle.de\/wp-content\/uploads\/2021\/07\/IniMusik_logo_kurz_72dpi_color-e1627417862310.jpg","thumbnail_width":661,"thumbnail_height":296,"description":"Kulturstaatsministerin Monika Gr\u00fctters f\u00f6rdert einen neuen Preis f\u00fcr Popmusik, der 2022 erstmals verliehen werden soll. Zugleich wird eine neue Akademie f\u00fcr Popmusik gegr\u00fcndet, die nach dem Vorbild der Filmakademie \u00fcber die Preisvergabe entscheidet. Sie wird ebenfalls aus dem Bundeskulturhaushalt finanziert. Die Akademie soll neben der Vergabe des Preises als offenes Forum die Entwicklung der deutschen [&hellip;]"}