{"version":"1.0","provider_name":"Radio Leinewelle","provider_url":"https:\/\/radioleinewelle.de","author_name":"Leinewelle","author_url":"https:\/\/radioleinewelle.de\/index.php\/author\/leinewelle\/","title":"Sch\u00fctzen- und Volksfest in Goslar beginnt am Wochenende - Radio Leinewelle","type":"rich","width":600,"height":338,"html":"<blockquote class=\"wp-embedded-content\" data-secret=\"yAP1FMEqc0\"><a href=\"https:\/\/radioleinewelle.de\/index.php\/2022\/07\/01\/schuetzen-und-volksfest-in-goslar-beginnt-heute\/\">Sch\u00fctzen- und Volksfest in Goslar beginnt am Wochenende<\/a><\/blockquote><iframe sandbox=\"allow-scripts\" security=\"restricted\" src=\"https:\/\/radioleinewelle.de\/index.php\/2022\/07\/01\/schuetzen-und-volksfest-in-goslar-beginnt-heute\/embed\/#?secret=yAP1FMEqc0\" width=\"600\" height=\"338\" title=\"&#8222;Sch\u00fctzen- und Volksfest in Goslar beginnt am Wochenende&#8220; &#8211; Radio Leinewelle\" data-secret=\"yAP1FMEqc0\" frameborder=\"0\" marginwidth=\"0\" marginheight=\"0\" scrolling=\"no\" class=\"wp-embedded-content\"><\/iframe><script type=\"text\/javascript\">\n\/* <![CDATA[ *\/\n\/*! This file is auto-generated *\/\n!function(d,l){\"use strict\";l.querySelector&&d.addEventListener&&\"undefined\"!=typeof URL&&(d.wp=d.wp||{},d.wp.receiveEmbedMessage||(d.wp.receiveEmbedMessage=function(e){var t=e.data;if((t||t.secret||t.message||t.value)&&!\/[^a-zA-Z0-9]\/.test(t.secret)){for(var s,r,n,a=l.querySelectorAll('iframe[data-secret=\"'+t.secret+'\"]'),o=l.querySelectorAll('blockquote[data-secret=\"'+t.secret+'\"]'),c=new RegExp(\"^https?:$\",\"i\"),i=0;i<o.length;i++)o[i].style.display=\"none\";for(i=0;i<a.length;i++)s=a[i],e.source===s.contentWindow&&(s.removeAttribute(\"style\"),\"height\"===t.message?(1e3<(r=parseInt(t.value,10))?r=1e3:~~r<200&&(r=200),s.height=r):\"link\"===t.message&&(r=new URL(s.getAttribute(\"src\")),n=new URL(t.value),c.test(n.protocol))&&n.host===r.host&&l.activeElement===s&&(d.top.location.href=t.value))}},d.addEventListener(\"message\",d.wp.receiveEmbedMessage,!1),l.addEventListener(\"DOMContentLoaded\",function(){for(var e,t,s=l.querySelectorAll(\"iframe.wp-embedded-content\"),r=0;r<s.length;r++)(t=(e=s[r]).getAttribute(\"data-secret\"))||(t=Math.random().toString(36).substring(2,12),e.src+=\"#?secret=\"+t,e.setAttribute(\"data-secret\",t)),e.contentWindow.postMessage({message:\"ready\",secret:t},\"*\")},!1)))}(window,document);\n\/\/# sourceURL=https:\/\/radioleinewelle.de\/wp-includes\/js\/wp-embed.min.js\n\/* ]]> *\/\n<\/script>\n","thumbnail_url":"https:\/\/radioleinewelle.de\/wp-content\/uploads\/2022\/07\/Schuetzen_-und_Volksfest_Kettenkarussell_Fotograf_Stefan_Sobotta-scaled-e1656647473478.jpg","thumbnail_width":600,"thumbnail_height":401,"description":"Es ist wieder soweit: Das Sch\u00fctzen- und Volksfest in Goslar findet vom 1. \u2013 10. Juli 2022 auf dem Osterfeld statt und bietet wieder allerhand zum Erleben f\u00fcr Gro\u00df und Klein!&nbsp;Rasante Fahrgesch\u00e4fte, leckere Imbissangebote, einen Pott- und Krammarkt und viele tolle Jubil\u00e4umshighlights! Auf \u00fcber 80.000 Quadratmetern bietet das Sch\u00fctzen- und Volksfest Goslar Spa\u00df und Action [&hellip;]"}