{"version":"1.0","provider_name":"Radio Leinewelle","provider_url":"https:\/\/radioleinewelle.de","author_name":"Leinewelle","author_url":"https:\/\/radioleinewelle.de\/index.php\/author\/leinewelle\/","title":"Landkreis G\u00f6ttingen und RP Kassel teilen sich die Kosten f\u00fcr die Gierseilf\u00e4hre Veckerhagen - Radio Leinewelle","type":"rich","width":600,"height":338,"html":"<blockquote class=\"wp-embedded-content\" data-secret=\"7wg3WWLQgp\"><a href=\"https:\/\/radioleinewelle.de\/index.php\/2023\/06\/30\/22925\/\">Landkreis G\u00f6ttingen und RP Kassel teilen sich die Kosten f\u00fcr die Gierseilf\u00e4hre Veckerhagen<\/a><\/blockquote><iframe sandbox=\"allow-scripts\" security=\"restricted\" src=\"https:\/\/radioleinewelle.de\/index.php\/2023\/06\/30\/22925\/embed\/#?secret=7wg3WWLQgp\" width=\"600\" height=\"338\" title=\"&#8222;Landkreis G\u00f6ttingen und RP Kassel teilen sich die Kosten f\u00fcr die Gierseilf\u00e4hre Veckerhagen&#8220; &#8211; Radio Leinewelle\" data-secret=\"7wg3WWLQgp\" frameborder=\"0\" marginwidth=\"0\" marginheight=\"0\" scrolling=\"no\" class=\"wp-embedded-content\"><\/iframe><script type=\"text\/javascript\">\n\/* <![CDATA[ *\/\n\/*! This file is auto-generated *\/\n!function(d,l){\"use strict\";l.querySelector&&d.addEventListener&&\"undefined\"!=typeof URL&&(d.wp=d.wp||{},d.wp.receiveEmbedMessage||(d.wp.receiveEmbedMessage=function(e){var t=e.data;if((t||t.secret||t.message||t.value)&&!\/[^a-zA-Z0-9]\/.test(t.secret)){for(var s,r,n,a=l.querySelectorAll('iframe[data-secret=\"'+t.secret+'\"]'),o=l.querySelectorAll('blockquote[data-secret=\"'+t.secret+'\"]'),c=new RegExp(\"^https?:$\",\"i\"),i=0;i<o.length;i++)o[i].style.display=\"none\";for(i=0;i<a.length;i++)s=a[i],e.source===s.contentWindow&&(s.removeAttribute(\"style\"),\"height\"===t.message?(1e3<(r=parseInt(t.value,10))?r=1e3:~~r<200&&(r=200),s.height=r):\"link\"===t.message&&(r=new URL(s.getAttribute(\"src\")),n=new URL(t.value),c.test(n.protocol))&&n.host===r.host&&l.activeElement===s&&(d.top.location.href=t.value))}},d.addEventListener(\"message\",d.wp.receiveEmbedMessage,!1),l.addEventListener(\"DOMContentLoaded\",function(){for(var e,t,s=l.querySelectorAll(\"iframe.wp-embedded-content\"),r=0;r<s.length;r++)(t=(e=s[r]).getAttribute(\"data-secret\"))||(t=Math.random().toString(36).substring(2,12),e.src+=\"#?secret=\"+t,e.setAttribute(\"data-secret\",t)),e.contentWindow.postMessage({message:\"ready\",secret:t},\"*\")},!1)))}(window,document);\n\/\/# sourceURL=https:\/\/radioleinewelle.de\/wp-includes\/js\/wp-embed.min.js\n\/* ]]> *\/\n<\/script>\n","thumbnail_url":"https:\/\/radioleinewelle.de\/wp-content\/uploads\/2023\/06\/2023-06-30-PM-Gierseilfaehre-Foto-scaled-e1688115958239.jpg","thumbnail_width":1000,"thumbnail_height":825,"description":"Seit mindestens 680 Jahren verbindet eine F\u00e4hre die Orte Veckerhagen (Landkreis Kassel, Hessen) und Hemeln (Landkreis G\u00f6ttingen, Niedersachsen) an der Weser. Dieses Kulturgut an geschichtstr\u00e4chtiger Stelle soll erhalten bleiben. Zu diesem Zweck haben das Land Hessen und der Landkreis G\u00f6ttingen heute eine Vereinbarung unterzeichnet, mit der die Betriebs- und Unterhaltungskosten k\u00fcnftig zu gleichen Teilen getragen [&hellip;]"}