{"version":"1.0","provider_name":"Radio Leinewelle","provider_url":"https:\/\/radioleinewelle.de","author_name":"Leinewelle","author_url":"https:\/\/radioleinewelle.de\/index.php\/author\/leinewelle\/","title":"Unterschriften f\u00fcr bessere Radwege in G\u00f6ttingen - Radio Leinewelle","type":"rich","width":600,"height":338,"html":"<blockquote class=\"wp-embedded-content\" data-secret=\"j92XXLMml2\"><a href=\"https:\/\/radioleinewelle.de\/index.php\/2023\/09\/04\/unterschriften-fuer-bessere-radwege-in-goettingen\/\">Unterschriften f\u00fcr bessere Radwege in G\u00f6ttingen<\/a><\/blockquote><iframe sandbox=\"allow-scripts\" security=\"restricted\" src=\"https:\/\/radioleinewelle.de\/index.php\/2023\/09\/04\/unterschriften-fuer-bessere-radwege-in-goettingen\/embed\/#?secret=j92XXLMml2\" width=\"600\" height=\"338\" title=\"&#8222;Unterschriften f\u00fcr bessere Radwege in G\u00f6ttingen&#8220; &#8211; Radio Leinewelle\" data-secret=\"j92XXLMml2\" frameborder=\"0\" marginwidth=\"0\" marginheight=\"0\" scrolling=\"no\" class=\"wp-embedded-content\"><\/iframe><script type=\"text\/javascript\">\n\/* <![CDATA[ *\/\n\/*! This file is auto-generated *\/\n!function(d,l){\"use strict\";l.querySelector&&d.addEventListener&&\"undefined\"!=typeof URL&&(d.wp=d.wp||{},d.wp.receiveEmbedMessage||(d.wp.receiveEmbedMessage=function(e){var t=e.data;if((t||t.secret||t.message||t.value)&&!\/[^a-zA-Z0-9]\/.test(t.secret)){for(var s,r,n,a=l.querySelectorAll('iframe[data-secret=\"'+t.secret+'\"]'),o=l.querySelectorAll('blockquote[data-secret=\"'+t.secret+'\"]'),c=new RegExp(\"^https?:$\",\"i\"),i=0;i<o.length;i++)o[i].style.display=\"none\";for(i=0;i<a.length;i++)s=a[i],e.source===s.contentWindow&&(s.removeAttribute(\"style\"),\"height\"===t.message?(1e3<(r=parseInt(t.value,10))?r=1e3:~~r<200&&(r=200),s.height=r):\"link\"===t.message&&(r=new URL(s.getAttribute(\"src\")),n=new URL(t.value),c.test(n.protocol))&&n.host===r.host&&l.activeElement===s&&(d.top.location.href=t.value))}},d.addEventListener(\"message\",d.wp.receiveEmbedMessage,!1),l.addEventListener(\"DOMContentLoaded\",function(){for(var e,t,s=l.querySelectorAll(\"iframe.wp-embedded-content\"),r=0;r<s.length;r++)(t=(e=s[r]).getAttribute(\"data-secret\"))||(t=Math.random().toString(36).substring(2,12),e.src+=\"#?secret=\"+t,e.setAttribute(\"data-secret\",t)),e.contentWindow.postMessage({message:\"ready\",secret:t},\"*\")},!1)))}(window,document);\n\/\/# sourceURL=https:\/\/radioleinewelle.de\/wp-includes\/js\/wp-embed.min.js\n\/* ]]> *\/\n<\/script>\n","thumbnail_url":"https:\/\/radioleinewelle.de\/wp-content\/uploads\/2023\/09\/signal-2023-09-01-18-57-20-509.jpg","thumbnail_width":2048,"thumbnail_height":1380,"description":"Die Klimaschutzgruppe G\u00f6ttingenZero hat am 1. September eine Unterschriftensammlung zum G\u00f6ttinger Radentscheid gestartet. Dieser fordert Verbesserungen f\u00fcr den Fahrradverkehr auf den G\u00f6ttinger Stra\u00dfen, damit alle, besonders Kinder und \u00e4ltere Menschen, sicher und selbstst\u00e4ndig Fahrrad fahren k\u00f6nnen. Die Klimaschutzgruppe plant, dass beide B\u00fcrgerbegehren den G\u00f6ttingerinnen und G\u00f6ttingern zeitgleich zur Europawahl am 9. Juni 2024 zur Abstimmung [&hellip;]"}