{"version":"1.0","provider_name":"Radio Leinewelle","provider_url":"https:\/\/radioleinewelle.de","author_name":"Leinewelle","author_url":"https:\/\/radioleinewelle.de\/index.php\/author\/leinewelle\/","title":"Interkulturelle Woche wird 50 Jahre - Radio Leinewelle","type":"rich","width":600,"height":338,"html":"<blockquote class=\"wp-embedded-content\" data-secret=\"MvCRCWZq3G\"><a href=\"https:\/\/radioleinewelle.de\/index.php\/2025\/08\/20\/interkulturelle-woche-wird-50-jahre\/\">Interkulturelle Woche wird 50 Jahre<\/a><\/blockquote><iframe sandbox=\"allow-scripts\" security=\"restricted\" src=\"https:\/\/radioleinewelle.de\/index.php\/2025\/08\/20\/interkulturelle-woche-wird-50-jahre\/embed\/#?secret=MvCRCWZq3G\" width=\"600\" height=\"338\" title=\"&#8222;Interkulturelle Woche wird 50 Jahre&#8220; &#8211; Radio Leinewelle\" data-secret=\"MvCRCWZq3G\" frameborder=\"0\" marginwidth=\"0\" marginheight=\"0\" scrolling=\"no\" class=\"wp-embedded-content\"><\/iframe><script type=\"text\/javascript\">\n\/* <![CDATA[ *\/\n\/*! This file is auto-generated *\/\n!function(d,l){\"use strict\";l.querySelector&&d.addEventListener&&\"undefined\"!=typeof URL&&(d.wp=d.wp||{},d.wp.receiveEmbedMessage||(d.wp.receiveEmbedMessage=function(e){var t=e.data;if((t||t.secret||t.message||t.value)&&!\/[^a-zA-Z0-9]\/.test(t.secret)){for(var s,r,n,a=l.querySelectorAll('iframe[data-secret=\"'+t.secret+'\"]'),o=l.querySelectorAll('blockquote[data-secret=\"'+t.secret+'\"]'),c=new RegExp(\"^https?:$\",\"i\"),i=0;i<o.length;i++)o[i].style.display=\"none\";for(i=0;i<a.length;i++)s=a[i],e.source===s.contentWindow&&(s.removeAttribute(\"style\"),\"height\"===t.message?(1e3<(r=parseInt(t.value,10))?r=1e3:~~r<200&&(r=200),s.height=r):\"link\"===t.message&&(r=new URL(s.getAttribute(\"src\")),n=new URL(t.value),c.test(n.protocol))&&n.host===r.host&&l.activeElement===s&&(d.top.location.href=t.value))}},d.addEventListener(\"message\",d.wp.receiveEmbedMessage,!1),l.addEventListener(\"DOMContentLoaded\",function(){for(var e,t,s=l.querySelectorAll(\"iframe.wp-embedded-content\"),r=0;r<s.length;r++)(t=(e=s[r]).getAttribute(\"data-secret\"))||(t=Math.random().toString(36).substring(2,12),e.src+=\"#?secret=\"+t,e.setAttribute(\"data-secret\",t)),e.contentWindow.postMessage({message:\"ready\",secret:t},\"*\")},!1)))}(window,document);\n\/\/# sourceURL=https:\/\/radioleinewelle.de\/wp-includes\/js\/wp-embed.min.js\n\/* ]]> *\/\n<\/script>\n","thumbnail_url":"https:\/\/radioleinewelle.de\/wp-content\/uploads\/2025\/08\/02_Auge_1080x1920-e1755674580261.png","thumbnail_width":1078,"thumbnail_height":1005,"description":"Die Interkulturelle Woche wird in diesem Jahr 50 Jahre alt, und G\u00f6ttingen beteiligt sich mit einem vielf\u00e4ltigen Programm. Vom 21. bis 28. September 2025 sind die B\u00fcrgerinnen und B\u00fcrger der Stadt und des Landkreises eingeladen, an zahlreichen Veranstaltungen teilzunehmen. Das diesj\u00e4hrige Motto lautet \u201eDaf\u00fcr!&#8220; und steht f\u00fcr Zusammenhalt, Toleranz und eine offene Gesellschaft.&nbsp; Die Organisatoren [&hellip;]"}